{"id":788,"date":"2023-07-19T15:10:17","date_gmt":"2023-07-19T15:10:17","guid":{"rendered":"https:\/\/www.idesco.es\/home\/"},"modified":"2024-02-01T14:11:11","modified_gmt":"2024-02-01T14:11:11","slug":"home","status":"publish","type":"page","link":"https:\/\/www.idesco.es\/fr\/","title":{"rendered":"Home"},"content":{"rendered":"<p>[et_pb_section fb_built=\u00a0\u00bb1&Prime; _builder_version=\u00a0\u00bb4.21.0&Prime; _module_preset=\u00a0\u00bbdefault\u00a0\u00bb global_colors_info=\u00a0\u00bb{}\u00a0\u00bb][et_pb_row _builder_version=\u00a0\u00bb4.21.0&Prime; _module_preset=\u00a0\u00bbdefault\u00a0\u00bb global_colors_info=\u00a0\u00bb{}\u00a0\u00bb][et_pb_column type=\u00a0\u00bb4_4&Prime; _builder_version=\u00a0\u00bb4.21.0&Prime; _module_preset=\u00a0\u00bbdefault\u00a0\u00bb global_colors_info=\u00a0\u00bb{}\u00a0\u00bb][et_pb_code _builder_version=\u00a0\u00bb4.24.0&Prime; _module_preset=\u00a0\u00bbdefault\u00a0\u00bb hover_enabled=\u00a0\u00bb0&Prime; global_colors_info=\u00a0\u00bb{}\u00a0\u00bb sticky_enabled=\u00a0\u00bb0&Prime;]<div id=\"metaslider-id-890\" style=\"width: 100%;\" class=\"ml-slider-3-108-0 metaslider metaslider-nivo metaslider-890 ml-slider has-dots-nav ms-theme-default\" role=\"region\" aria-label=\"Home-FRA\" data-height=\"570\" data-width=\"1280\">\n    <div id=\"metaslider_container_890\">\n        <div class='slider-wrapper theme-default'><div class='ribbon'><\/div><div id='metaslider_890' class='nivoSlider'><img loading=\"lazy\" decoding=\"async\" src=\"https:\/\/www.idesco.es\/wp-content\/uploads\/2023\/07\/slide-2-1280x570.jpg\" height=\"570\" width=\"1280\" data-caption=\"&lt;div&gt;NOUS CR&amp;Eacute;ONS VOTRE MARQUE&lt;\/div&gt;\" title=\"slide-2\" alt=\"\" class=\"slider-890 slide-891 msDefaultImage\" \/><img loading=\"lazy\" decoding=\"async\" src=\"https:\/\/www.idesco.es\/wp-content\/uploads\/2024\/05\/shutterstock_1874731555-scaled-1280x570.jpg\" height=\"570\" width=\"1280\" data-caption=\"&lt;div&gt;FORMULATION PERSONNALIS&amp;Eacute;E&lt;\/div&gt;\" title=\"Bottle,,White,,Isolated,,Care,,Plastic,,Beauty,,Cream,,Container,,Cosmetics,,Lotion,\" alt=\"\" class=\"slider-890 slide-892 msDefaultImage\" \/><img loading=\"lazy\" decoding=\"async\" src=\"https:\/\/www.idesco.es\/wp-content\/uploads\/2023\/07\/slide-3-1280x570.jpg\" height=\"570\" width=\"1280\" data-caption=\"&lt;div&gt;VOTRE MEILLEUR PARTENAIRE EN COSM&amp;Eacute;TIQUE&lt;\/div&gt;\" title=\"slide-3\" alt=\"\" class=\"slider-890 slide-893 msDefaultImage\" \/><img loading=\"lazy\" decoding=\"async\" src=\"https:\/\/www.idesco.es\/wp-content\/uploads\/2023\/07\/slide-4-1280x570.jpg\" height=\"570\" width=\"1280\" data-caption=\"&lt;div&gt;CONSEIL &amp;Agrave; 360&amp;deg;&lt;\/div&gt;\" title=\"slide-4\" alt=\"\" class=\"slider-890 slide-894 msDefaultImage\" \/><\/div><\/div>\n        \n    <\/div>\n<\/div>[\/et_pb_code][\/et_pb_column][\/et_pb_row][\/et_pb_section][et_pb_section fb_built=\u00a0\u00bb1&Prime; _builder_version=\u00a0\u00bb4.21.0&Prime; _module_preset=\u00a0\u00bbdefault\u00a0\u00bb background_color=\u00a0\u00bb#eeeeee\u00a0\u00bb custom_margin=\u00a0\u00bb0px||0px||false|false\u00a0\u00bb custom_padding=\u00a0\u00bb0px||0px||false|false\u00a0\u00bb global_colors_info=\u00a0\u00bb{}\u00a0\u00bb][et_pb_row column_structure=\u00a0\u00bb3_5,2_5&Prime; use_custom_gutter=\u00a0\u00bbon\u00a0\u00bb gutter_width=\u00a0\u00bb1&Prime; make_equal=\u00a0\u00bbon\u00a0\u00bb module_class=\u00a0\u00bbpersonalizada\u00a0\u00bb _builder_version=\u00a0\u00bb4.21.0&Prime; _module_preset=\u00a0\u00bbdefault\u00a0\u00bb global_colors_info=\u00a0\u00bb{}\u00a0\u00bb][et_pb_column type=\u00a0\u00bb3_5&Prime; _builder_version=\u00a0\u00bb4.21.0&Prime; _module_preset=\u00a0\u00bbdefault\u00a0\u00bb global_colors_info=\u00a0\u00bb{}\u00a0\u00bb][et_pb_text _builder_version=\u00a0\u00bb4.21.0&Prime; _module_preset=\u00a0\u00bbdefault\u00a0\u00bb global_colors_info=\u00a0\u00bb{}\u00a0\u00bb]<\/p>\n<h4>D\u00e9veloppement et fabrication de produits cosm\u00e9tiques pour les soins de la peau et des cheveux depuis 1975.<\/h4>\n<p>[\/et_pb_text][\/et_pb_column][et_pb_column type=\u00a0\u00bb2_5&Prime; _builder_version=\u00a0\u00bb4.21.0&Prime; _module_preset=\u00a0\u00bbdefault\u00a0\u00bb global_colors_info=\u00a0\u00bb{}\u00a0\u00bb][et_pb_image src=\u00a0\u00bbhttps:\/\/www.idesco.es\/wp-content\/uploads\/2023\/07\/idesco-empresa.jpg\u00a0\u00bb title_text=\u00a0\u00bbidesco-empresa\u00a0\u00bb force_fullwidth=\u00a0\u00bbon\u00a0\u00bb _builder_version=\u00a0\u00bb4.21.0&Prime; _module_preset=\u00a0\u00bbdefault\u00a0\u00bb global_colors_info=\u00a0\u00bb{}\u00a0\u00bb][\/et_pb_image][\/et_pb_column][\/et_pb_row][\/et_pb_section][et_pb_section fb_built=\u00a0\u00bb1&Prime; admin_label=\u00a0\u00bbApollo\u00a0\u00bb _builder_version=\u00a0\u00bb4.21.0&Prime; _module_preset=\u00a0\u00bbdefault\u00a0\u00bb global_colors_info=\u00a0\u00bb{}\u00a0\u00bb][et_pb_row column_structure=\u00a0\u00bb1_3,1_3,1_3&Prime; make_equal=\u00a0\u00bbon\u00a0\u00bb module_class=\u00a0\u00bbboxes\u00a0\u00bb _builder_version=\u00a0\u00bb4.24.0&Prime; _module_preset=\u00a0\u00bbdefault\u00a0\u00bb global_colors_info=\u00a0\u00bb{}\u00a0\u00bb][et_pb_column type=\u00a0\u00bb1_3&Prime; module_class=\u00a0\u00bbapollo\u00a0\u00bb _builder_version=\u00a0\u00bb4.24.0&Prime; _dynamic_attributes=\u00a0\u00bblink_option_url\u00a0\u00bb _module_preset=\u00a0\u00bbdefault\u00a0\u00bb background_image=\u00a0\u00bbhttps:\/\/www.idesco.es\/wp-content\/uploads\/2024\/02\/productos.jpg\u00a0\u00bb animation_style=\u00a0\u00bbslide\u00a0\u00bb animation_direction=\u00a0\u00bbleft\u00a0\u00bb link_option_url=\u00a0\u00bb@ET-DC@eyJkeW5hbWljIjp0cnVlLCJjb250ZW50IjoicG9zdF9saW5rX3VybF9wYWdlIiwic2V0dGluZ3MiOnsicG9zdF9pZCI6Ijg3IiwiZW5hYmxlX2h0bWwiOiJvZmYifX0=@\u00a0\u00bb global_colors_info=\u00a0\u00bb{}\u00a0\u00bb][et_pb_image src=\u00a0\u00bbhttps:\/\/www.idesco.es\/wp-content\/uploads\/2023\/07\/productos.svg\u00a0\u00bb _builder_version=\u00a0\u00bb4.21.0&Prime; _module_preset=\u00a0\u00bbdefault\u00a0\u00bb global_colors_info=\u00a0\u00bb{}\u00a0\u00bb][\/et_pb_image][et_pb_text admin_label=\u00a0\u00bbProductos\u00a0\u00bb _builder_version=\u00a0\u00bb4.21.0&Prime; _module_preset=\u00a0\u00bbdefault\u00a0\u00bb global_colors_info=\u00a0\u00bb{}\u00a0\u00bb]<\/p>\n<h3>Produits<\/h3>\n<p>Nous d\u00e9veloppons une large gamme de produits cosm\u00e9tiques. Formules standard et personnalis\u00e9es, textures sp\u00e9ciales et conditionnement sur mesure.[\/et_pb_text][\/et_pb_column][et_pb_column type=\u00a0\u00bb1_3&Prime; module_class=\u00a0\u00bbapollo\u00a0\u00bb _builder_version=\u00a0\u00bb4.24.0&Prime; _dynamic_attributes=\u00a0\u00bblink_option_url\u00a0\u00bb _module_preset=\u00a0\u00bbdefault\u00a0\u00bb background_image=\u00a0\u00bbhttps:\/\/www.idesco.es\/wp-content\/uploads\/2024\/02\/servicio.jpg\u00a0\u00bb animation_style=\u00a0\u00bbslide\u00a0\u00bb link_option_url=\u00a0\u00bb@ET-DC@eyJkeW5hbWljIjp0cnVlLCJjb250ZW50IjoicG9zdF9saW5rX3VybF9wYWdlIiwic2V0dGluZ3MiOnsicG9zdF9pZCI6Ijg3IiwiZW5hYmxlX2h0bWwiOiJvZmYifX0=@\u00a0\u00bb global_colors_info=\u00a0\u00bb{}\u00a0\u00bb][et_pb_image src=\u00a0\u00bbhttps:\/\/www.idesco.es\/wp-content\/uploads\/2023\/07\/servicios.svg\u00a0\u00bb _builder_version=\u00a0\u00bb4.21.0&Prime; _module_preset=\u00a0\u00bbdefault\u00a0\u00bb global_colors_info=\u00a0\u00bb{}\u00a0\u00bb][\/et_pb_image][et_pb_text admin_label=\u00a0\u00bbServicios\u00a0\u00bb _builder_version=\u00a0\u00bb4.21.0&Prime; _module_preset=\u00a0\u00bbdefault\u00a0\u00bb global_colors_info=\u00a0\u00bb{}\u00a0\u00bb]<\/p>\n<h3>Services<\/h3>\n<p>Nous vous conseillons tout au long du processus (360\u00b0). De l\u2019id\u00e9e initiale au lancement sur le march\u00e9 : processus cr\u00e9atif, fabrication, qualit\u00e9, conditionnement, marketing et r\u00e9glementation.[\/et_pb_text][\/et_pb_column][et_pb_column type=\u00a0\u00bb1_3&Prime; module_class=\u00a0\u00bbapollo\u00a0\u00bb _builder_version=\u00a0\u00bb4.21.0&Prime; _dynamic_attributes=\u00a0\u00bblink_option_url\u00a0\u00bb _module_preset=\u00a0\u00bbdefault\u00a0\u00bb background_image=\u00a0\u00bbhttps:\/\/www.idesco.es\/wp-content\/uploads\/2023\/07\/texturas.jpg\u00a0\u00bb animation_style=\u00a0\u00bbslide\u00a0\u00bb animation_direction=\u00a0\u00bbright\u00a0\u00bb link_option_url=\u00a0\u00bb@ET-DC@eyJkeW5hbWljIjp0cnVlLCJjb250ZW50IjoicG9zdF9saW5rX3VybF9wYWdlIiwic2V0dGluZ3MiOnsicG9zdF9pZCI6Ijg3IiwiZW5hYmxlX2h0bWwiOiJvZmYifX0=@\u00a0\u00bb global_colors_info=\u00a0\u00bb{}\u00a0\u00bb][et_pb_image src=\u00a0\u00bbhttps:\/\/www.idesco.es\/wp-content\/uploads\/2023\/07\/sectores.svg\u00a0\u00bb _builder_version=\u00a0\u00bb4.21.0&Prime; _module_preset=\u00a0\u00bbdefault\u00a0\u00bb global_colors_info=\u00a0\u00bb{}\u00a0\u00bb][\/et_pb_image][et_pb_text admin_label=\u00a0\u00bbSectores\u00a0\u00bb _builder_version=\u00a0\u00bb4.21.0&Prime; _module_preset=\u00a0\u00bbdefault\u00a0\u00bb global_colors_info=\u00a0\u00bb{}\u00a0\u00bb]<\/p>\n<h3>Secteurs<\/h3>\n<p>Fort de plus de 40 ans d\u2019exp\u00e9rience, nous b\u00e9n\u00e9ficions de la confiance de multinationales prestigieuses dans des secteurs tels que l\u2019industrie pharmaceutique, la dermatologie et l\u2019h\u00f4tellerie, entre autres.[\/et_pb_text][\/et_pb_column][\/et_pb_row][\/et_pb_section][et_pb_section fb_built=\u00a0\u00bb1&Prime; module_class=\u00a0\u00bbcontador\u00a0\u00bb _builder_version=\u00a0\u00bb4.21.0&Prime; _module_preset=\u00a0\u00bbdefault\u00a0\u00bb background_color=\u00a0\u00bb#eeeeee\u00a0\u00bb global_colors_info=\u00a0\u00bb{}\u00a0\u00bb][et_pb_row _builder_version=\u00a0\u00bb4.21.0&Prime; _module_preset=\u00a0\u00bbdefault\u00a0\u00bb global_colors_info=\u00a0\u00bb{}\u00a0\u00bb][et_pb_column type=\u00a0\u00bb4_4&Prime; _builder_version=\u00a0\u00bb4.21.0&Prime; _module_preset=\u00a0\u00bbdefault\u00a0\u00bb global_colors_info=\u00a0\u00bb{}\u00a0\u00bb][et_pb_text admin_label=\u00a0\u00bbIdesco en n\u00fameros\u00a0\u00bb _builder_version=\u00a0\u00bb4.21.0&Prime; _module_preset=\u00a0\u00bbdefault\u00a0\u00bb global_colors_info=\u00a0\u00bb{}\u00a0\u00bb]<\/p>\n<h2 style=\"text-align: center;\">Idesco en chiffres<\/h2>\n<p>[\/et_pb_text][\/et_pb_column][\/et_pb_row][et_pb_row column_structure=\u00a0\u00bb1_4,1_4,1_4,1_4&Prime; make_equal=\u00a0\u00bbon\u00a0\u00bb _builder_version=\u00a0\u00bb4.21.0&Prime; _module_preset=\u00a0\u00bbdefault\u00a0\u00bb global_colors_info=\u00a0\u00bb{}\u00a0\u00bb][et_pb_column type=\u00a0\u00bb1_4&Prime; _builder_version=\u00a0\u00bb4.21.0&Prime; _module_preset=\u00a0\u00bbdefault\u00a0\u00bb global_colors_info=\u00a0\u00bb{}\u00a0\u00bb][et_pb_text admin_label=\u00a0\u00bbM\u00e1s de\u00a0\u00bb _builder_version=\u00a0\u00bb4.21.0&Prime; _module_preset=\u00a0\u00bbdefault\u00a0\u00bb custom_margin=\u00a0\u00bb||0px||false|false\u00a0\u00bb custom_padding=\u00a0\u00bb||0px||false|false\u00a0\u00bb global_colors_info=\u00a0\u00bb{}\u00a0\u00bb]<\/p>\n<h3>Plus de<\/h3>\n<p>[\/et_pb_text][et_pb_number_counter title=\u00a0\u00bbmachines de fabrication et de conditionnement \u00e0 la pointe de la technologie\u00a0\u00bb number=\u00a0\u00bb50&Prime; percent_sign=\u00a0\u00bboff\u00a0\u00bb admin_label=\u00a0\u00bbEquipos de fabricaci\u00f3n y envasado de \u00faltima generaci\u00f3n\u00a0\u00bb _builder_version=\u00a0\u00bb4.21.0&Prime; _module_preset=\u00a0\u00bbdefault\u00a0\u00bb number_text_color=\u00a0\u00bb#ff7500&Prime; global_colors_info=\u00a0\u00bb{}\u00a0\u00bb][\/et_pb_number_counter][\/et_pb_column][et_pb_column type=\u00a0\u00bb1_4&Prime; _builder_version=\u00a0\u00bb4.21.0&Prime; _module_preset=\u00a0\u00bbdefault\u00a0\u00bb global_colors_info=\u00a0\u00bb{}\u00a0\u00bb][et_pb_text admin_label=\u00a0\u00bbM\u00e1s de\u00a0\u00bb _builder_version=\u00a0\u00bb4.21.0&Prime; _module_preset=\u00a0\u00bbdefault\u00a0\u00bb custom_margin=\u00a0\u00bb||0px||false|false\u00a0\u00bb custom_padding=\u00a0\u00bb||0px||false|false\u00a0\u00bb global_colors_info=\u00a0\u00bb{}\u00a0\u00bb]<\/p>\n<h3>Plus de<\/h3>\n<p>[\/et_pb_text][et_pb_number_counter title=\u00a0\u00bbprofessionnels\u00a0\u00bb number=\u00a0\u00bb70&Prime; percent_sign=\u00a0\u00bboff\u00a0\u00bb admin_label=\u00a0\u00bbProfesionales\u00a0\u00bb _builder_version=\u00a0\u00bb4.21.0&Prime; _module_preset=\u00a0\u00bbdefault\u00a0\u00bb number_text_color=\u00a0\u00bb#ff7500&Prime; global_colors_info=\u00a0\u00bb{}\u00a0\u00bb][\/et_pb_number_counter][\/et_pb_column][et_pb_column type=\u00a0\u00bb1_4&Prime; _builder_version=\u00a0\u00bb4.21.0&Prime; _module_preset=\u00a0\u00bbdefault\u00a0\u00bb global_colors_info=\u00a0\u00bb{}\u00a0\u00bb][et_pb_text admin_label=\u00a0\u00bbM\u00e1s de\u00a0\u00bb _builder_version=\u00a0\u00bb4.21.0&Prime; _module_preset=\u00a0\u00bbdefault\u00a0\u00bb custom_margin=\u00a0\u00bb||0px||false|false\u00a0\u00bb custom_padding=\u00a0\u00bb||0px||false|false\u00a0\u00bb global_colors_info=\u00a0\u00bb{}\u00a0\u00bb]<\/p>\n<h3>Plus de<\/h3>\n<p>[\/et_pb_text][et_pb_number_counter title=\u00a0\u00bbans d\u2019exp\u00e9rience sur le march\u00e9\u00a0\u00bb number=\u00a0\u00bb40&Prime; percent_sign=\u00a0\u00bboff\u00a0\u00bb admin_label=\u00a0\u00bba\u00f1os operando en el mercado\u00a0\u00bb _builder_version=\u00a0\u00bb4.21.0&Prime; _module_preset=\u00a0\u00bbdefault\u00a0\u00bb number_text_color=\u00a0\u00bb#ff7500&Prime; global_colors_info=\u00a0\u00bb{}\u00a0\u00bb][\/et_pb_number_counter][\/et_pb_column][et_pb_column type=\u00a0\u00bb1_4&Prime; _builder_version=\u00a0\u00bb4.21.0&Prime; _module_preset=\u00a0\u00bbdefault\u00a0\u00bb global_colors_info=\u00a0\u00bb{}\u00a0\u00bb][et_pb_text admin_label=\u00a0\u00bbM\u00e1s de\u00a0\u00bb _builder_version=\u00a0\u00bb4.21.0&Prime; _module_preset=\u00a0\u00bbdefault\u00a0\u00bb custom_margin=\u00a0\u00bb||0px||false|false\u00a0\u00bb custom_padding=\u00a0\u00bb||0px||false|false\u00a0\u00bb global_colors_info=\u00a0\u00bb{}\u00a0\u00bb]<\/p>\n<h3>Plus de<\/h3>\n<p>[\/et_pb_text][et_pb_number_counter title=\u00a0\u00bbemploy\u00e9s GINPER Group\u00a0\u00bb number=\u00a0\u00bb500&Prime; percent_sign=\u00a0\u00bboff\u00a0\u00bb admin_label=\u00a0\u00bbEmpleados Grupo GINPER\u00a0\u00bb _builder_version=\u00a0\u00bb4.21.0&Prime; _module_preset=\u00a0\u00bbdefault\u00a0\u00bb number_text_color=\u00a0\u00bb#ff7500&Prime; global_colors_info=\u00a0\u00bb{}\u00a0\u00bb][\/et_pb_number_counter][\/et_pb_column][\/et_pb_row][et_pb_row column_structure=\u00a0\u00bb1_4,1_4,1_4,1_4&Prime; make_equal=\u00a0\u00bbon\u00a0\u00bb _builder_version=\u00a0\u00bb4.21.0&Prime; _module_preset=\u00a0\u00bbdefault\u00a0\u00bb global_colors_info=\u00a0\u00bb{}\u00a0\u00bb][et_pb_column type=\u00a0\u00bb1_4&Prime; _builder_version=\u00a0\u00bb4.21.0&Prime; _module_preset=\u00a0\u00bbdefault\u00a0\u00bb global_colors_info=\u00a0\u00bb{}\u00a0\u00bb][et_pb_text admin_label=\u00a0\u00bbM\u00e1s de\u00a0\u00bb _builder_version=\u00a0\u00bb4.21.0&Prime; _module_preset=\u00a0\u00bbdefault\u00a0\u00bb custom_margin=\u00a0\u00bb||0px||false|false\u00a0\u00bb custom_padding=\u00a0\u00bb||0px||false|false\u00a0\u00bb global_colors_info=\u00a0\u00bb{}\u00a0\u00bb]<\/p>\n<h3>Plus de<\/h3>\n<p>[\/et_pb_text][et_pb_number_counter title=\u00a0\u00bbformules standard adaptables\u00a0\u00bb number=\u00a0\u00bb1600&Prime; percent_sign=\u00a0\u00bboff\u00a0\u00bb admin_label=\u00a0\u00bbFormulas est\u00e1ndar adaptables\u00a0\u00bb _builder_version=\u00a0\u00bb4.21.0&Prime; _module_preset=\u00a0\u00bbdefault\u00a0\u00bb number_text_color=\u00a0\u00bb#ff7500&Prime; global_colors_info=\u00a0\u00bb{}\u00a0\u00bb][\/et_pb_number_counter][\/et_pb_column][et_pb_column type=\u00a0\u00bb1_4&Prime; _builder_version=\u00a0\u00bb4.21.0&Prime; _module_preset=\u00a0\u00bbdefault\u00a0\u00bb global_colors_info=\u00a0\u00bb{}\u00a0\u00bb][et_pb_text admin_label=\u00a0\u00bbM\u00e1s de\u00a0\u00bb _builder_version=\u00a0\u00bb4.21.0&Prime; _module_preset=\u00a0\u00bbdefault\u00a0\u00bb custom_margin=\u00a0\u00bb||0px||false|false\u00a0\u00bb custom_padding=\u00a0\u00bb||0px||false|false\u00a0\u00bb global_colors_info=\u00a0\u00bb{}\u00a0\u00bb]<\/p>\n<h3>Plus de<\/h3>\n<p>[\/et_pb_text][et_pb_number_counter title=\u00a0\u00bbm2 d\u2019installations\u00a0\u00bb number=\u00a0\u00bb3500&Prime; percent_sign=\u00a0\u00bboff\u00a0\u00bb admin_label=\u00a0\u00bbm2 en instalaciones\u00a0\u00bb _builder_version=\u00a0\u00bb4.21.0&Prime; _module_preset=\u00a0\u00bbdefault\u00a0\u00bb number_text_color=\u00a0\u00bb#ff7500&Prime; global_colors_info=\u00a0\u00bb{}\u00a0\u00bb][\/et_pb_number_counter][\/et_pb_column][et_pb_column type=\u00a0\u00bb1_4&Prime; _builder_version=\u00a0\u00bb4.21.0&Prime; _module_preset=\u00a0\u00bbdefault\u00a0\u00bb global_colors_info=\u00a0\u00bb{}\u00a0\u00bb][et_pb_text admin_label=\u00a0\u00bbUnidades\/a\u00f1o producidas\u00a0\u00bb _builder_version=\u00a0\u00bb4.21.0&Prime; _module_preset=\u00a0\u00bbdefault\u00a0\u00bb custom_margin=\u00a0\u00bb||0px||false|false\u00a0\u00bb custom_padding=\u00a0\u00bb||0px||false|false\u00a0\u00bb global_colors_info=\u00a0\u00bb{}\u00a0\u00bb]<\/p>\n<h3>d\u2019unit\u00e9s par an<\/h3>\n<p>[\/et_pb_text][et_pb_number_counter title=\u00a0\u00bbmillions\u00a0\u00bb number=\u00a0\u00bb15&Prime; percent_sign=\u00a0\u00bboff\u00a0\u00bb admin_label=\u00a0\u00bbmillones\u00a0\u00bb _builder_version=\u00a0\u00bb4.21.0&Prime; _module_preset=\u00a0\u00bbdefault\u00a0\u00bb number_text_color=\u00a0\u00bb#ff7500&Prime; global_colors_info=\u00a0\u00bb{}\u00a0\u00bb][\/et_pb_number_counter][\/et_pb_column][et_pb_column type=\u00a0\u00bb1_4&Prime; _builder_version=\u00a0\u00bb4.21.0&Prime; _module_preset=\u00a0\u00bbdefault\u00a0\u00bb global_colors_info=\u00a0\u00bb{}\u00a0\u00bb][et_pb_text admin_label=\u00a0\u00bbPedido m\u00ednimo\u00a0\u00bb _builder_version=\u00a0\u00bb4.21.0&Prime; _module_preset=\u00a0\u00bbdefault\u00a0\u00bb custom_margin=\u00a0\u00bb||0px||false|false\u00a0\u00bb custom_padding=\u00a0\u00bb||0px||false|false\u00a0\u00bb global_colors_info=\u00a0\u00bb{}\u00a0\u00bb]<\/p>\n<h3>Commande minimale<\/h3>\n<p>[\/et_pb_text][et_pb_number_counter title=\u00a0\u00bbunit\u00e9s\u00a0\u00bb number=\u00a0\u00bb1000&Prime; percent_sign=\u00a0\u00bboff\u00a0\u00bb admin_label=\u00a0\u00bbunidades\u00a0\u00bb _builder_version=\u00a0\u00bb4.21.0&Prime; _module_preset=\u00a0\u00bbdefault\u00a0\u00bb number_text_color=\u00a0\u00bb#ff7500&Prime; global_colors_info=\u00a0\u00bb{}\u00a0\u00bb][\/et_pb_number_counter][\/et_pb_column][\/et_pb_row][\/et_pb_section]<\/p>\n","protected":false},"excerpt":{"rendered":"<p><div id=\"metaslider-id-890\" style=\"width: 100%;\" class=\"ml-slider-3-108-0 metaslider metaslider-nivo metaslider-890 ml-slider has-dots-nav ms-theme-default\" role=\"region\" aria-label=\"Home-FRA\" data-height=\"570\" data-width=\"1280\">\n    <div id=\"metaslider_container_890\">\n        <div class='slider-wrapper theme-default'><div class='ribbon'><\/div><div id='metaslider_890' class='nivoSlider'><img loading=\"lazy\" decoding=\"async\" src=\"https:\/\/www.idesco.es\/wp-content\/uploads\/2023\/07\/slide-2-1280x570.jpg\" height=\"570\" width=\"1280\" data-caption=\"&lt;div&gt;NOUS CR&amp;Eacute;ONS VOTRE MARQUE&lt;\/div&gt;\" title=\"slide-2\" alt=\"\" class=\"slider-890 slide-891 msDefaultImage\" \/><img loading=\"lazy\" decoding=\"async\" src=\"https:\/\/www.idesco.es\/wp-content\/uploads\/2024\/05\/shutterstock_1874731555-scaled-1280x570.jpg\" height=\"570\" width=\"1280\" data-caption=\"&lt;div&gt;FORMULATION PERSONNALIS&amp;Eacute;E&lt;\/div&gt;\" title=\"Bottle,,White,,Isolated,,Care,,Plastic,,Beauty,,Cream,,Container,,Cosmetics,,Lotion,\" alt=\"\" class=\"slider-890 slide-892 msDefaultImage\" \/><img loading=\"lazy\" decoding=\"async\" src=\"https:\/\/www.idesco.es\/wp-content\/uploads\/2023\/07\/slide-3-1280x570.jpg\" height=\"570\" width=\"1280\" data-caption=\"&lt;div&gt;VOTRE MEILLEUR PARTENAIRE EN COSM&amp;Eacute;TIQUE&lt;\/div&gt;\" title=\"slide-3\" alt=\"\" class=\"slider-890 slide-893 msDefaultImage\" \/><img loading=\"lazy\" decoding=\"async\" src=\"https:\/\/www.idesco.es\/wp-content\/uploads\/2023\/07\/slide-4-1280x570.jpg\" height=\"570\" width=\"1280\" data-caption=\"&lt;div&gt;CONSEIL &amp;Agrave; 360&amp;deg;&lt;\/div&gt;\" title=\"slide-4\" alt=\"\" class=\"slider-890 slide-894 msDefaultImage\" \/><\/div><\/div>\n        \n    <\/div>\n<\/div>D\u00e9veloppement et fabrication de produits cosm\u00e9tiques pour les soins de la peau et des cheveux depuis 1975.Produits Nous d\u00e9veloppons une large gamme de produits cosm\u00e9tiques. Formules standard et personnalis\u00e9es, textures sp\u00e9ciales et conditionnement sur mesure.Services Nous vous conseillons tout au long du processus (360\u00b0). De l\u2019id\u00e9e initiale au lancement sur le march\u00e9 : processus [&hellip;]<\/p>\n","protected":false},"author":1,"featured_media":0,"parent":0,"menu_order":0,"comment_status":"closed","ping_status":"open","template":"","meta":{"_et_pb_use_builder":"on","_et_pb_old_content":"","_et_gb_content_width":"","footnotes":""},"class_list":["post-788","page","type-page","status-publish","hentry"],"yoast_head":"<!-- This site is optimized with the Yoast SEO plugin v27.1.1 - https:\/\/yoast.com\/product\/yoast-seo-wordpress\/ -->\n<title>Home - Idesco<\/title>\n<meta name=\"robots\" content=\"index, follow, max-snippet:-1, max-image-preview:large, max-video-preview:-1\" \/>\n<link rel=\"canonical\" href=\"https:\/\/www.idesco.es\/fr\/\" \/>\n<meta property=\"og:locale\" content=\"fr_FR\" \/>\n<meta property=\"og:type\" content=\"article\" \/>\n<meta property=\"og:title\" content=\"Home - Idesco\" \/>\n<meta property=\"og:description\" content=\"D\u00e9veloppement et fabrication de produits cosm\u00e9tiques pour les soins de la peau et des cheveux depuis 1975.Produits Nous d\u00e9veloppons une large gamme de produits cosm\u00e9tiques. Formules standard et personnalis\u00e9es, textures sp\u00e9ciales et conditionnement sur mesure.Services Nous vous conseillons tout au long du processus (360\u00b0). De l\u2019id\u00e9e initiale au lancement sur le march\u00e9 : processus [&hellip;]\" \/>\n<meta property=\"og:url\" content=\"https:\/\/www.idesco.es\/fr\/\" \/>\n<meta property=\"og:site_name\" content=\"Idesco\" \/>\n<meta property=\"article:modified_time\" content=\"2024-02-01T14:11:11+00:00\" \/>\n<meta name=\"twitter:card\" content=\"summary_large_image\" \/>\n<meta name=\"twitter:label1\" content=\"Dur\u00e9e de lecture estim\u00e9e\" \/>\n\t<meta name=\"twitter:data1\" content=\"7 minutes\" \/>\n<script type=\"application\/ld+json\" class=\"yoast-schema-graph\">{\"@context\":\"https:\/\/schema.org\",\"@graph\":[{\"@type\":\"WebPage\",\"@id\":\"https:\/\/www.idesco.es\/fr\/\",\"url\":\"https:\/\/www.idesco.es\/fr\/\",\"name\":\"Home - Idesco\",\"isPartOf\":{\"@id\":\"https:\/\/www.idesco.es\/#website\"},\"datePublished\":\"2023-07-19T15:10:17+00:00\",\"dateModified\":\"2024-02-01T14:11:11+00:00\",\"breadcrumb\":{\"@id\":\"https:\/\/www.idesco.es\/fr\/#breadcrumb\"},\"inLanguage\":\"fr-FR\",\"potentialAction\":[{\"@type\":\"ReadAction\",\"target\":[\"https:\/\/www.idesco.es\/fr\/\"]}]},{\"@type\":\"BreadcrumbList\",\"@id\":\"https:\/\/www.idesco.es\/fr\/#breadcrumb\",\"itemListElement\":[{\"@type\":\"ListItem\",\"position\":1,\"name\":\"Portada\",\"item\":\"https:\/\/www.idesco.es\/fr\/\"},{\"@type\":\"ListItem\",\"position\":2,\"name\":\"Home\"}]},{\"@type\":\"WebSite\",\"@id\":\"https:\/\/www.idesco.es\/#website\",\"url\":\"https:\/\/www.idesco.es\/\",\"name\":\"Idesco\",\"description\":\"\",\"potentialAction\":[{\"@type\":\"SearchAction\",\"target\":{\"@type\":\"EntryPoint\",\"urlTemplate\":\"https:\/\/www.idesco.es\/?s={search_term_string}\"},\"query-input\":{\"@type\":\"PropertyValueSpecification\",\"valueRequired\":true,\"valueName\":\"search_term_string\"}}],\"inLanguage\":\"fr-FR\"}]}<\/script>\n<!-- \/ Yoast SEO plugin. -->","yoast_head_json":{"title":"Home - Idesco","robots":{"index":"index","follow":"follow","max-snippet":"max-snippet:-1","max-image-preview":"max-image-preview:large","max-video-preview":"max-video-preview:-1"},"canonical":"https:\/\/www.idesco.es\/fr\/","og_locale":"fr_FR","og_type":"article","og_title":"Home - Idesco","og_description":"D\u00e9veloppement et fabrication de produits cosm\u00e9tiques pour les soins de la peau et des cheveux depuis 1975.Produits Nous d\u00e9veloppons une large gamme de produits cosm\u00e9tiques. Formules standard et personnalis\u00e9es, textures sp\u00e9ciales et conditionnement sur mesure.Services Nous vous conseillons tout au long du processus (360\u00b0). De l\u2019id\u00e9e initiale au lancement sur le march\u00e9 : processus [&hellip;]","og_url":"https:\/\/www.idesco.es\/fr\/","og_site_name":"Idesco","article_modified_time":"2024-02-01T14:11:11+00:00","twitter_card":"summary_large_image","twitter_misc":{"Dur\u00e9e de lecture estim\u00e9e":"7 minutes"},"schema":{"@context":"https:\/\/schema.org","@graph":[{"@type":"WebPage","@id":"https:\/\/www.idesco.es\/fr\/","url":"https:\/\/www.idesco.es\/fr\/","name":"Home - Idesco","isPartOf":{"@id":"https:\/\/www.idesco.es\/#website"},"datePublished":"2023-07-19T15:10:17+00:00","dateModified":"2024-02-01T14:11:11+00:00","breadcrumb":{"@id":"https:\/\/www.idesco.es\/fr\/#breadcrumb"},"inLanguage":"fr-FR","potentialAction":[{"@type":"ReadAction","target":["https:\/\/www.idesco.es\/fr\/"]}]},{"@type":"BreadcrumbList","@id":"https:\/\/www.idesco.es\/fr\/#breadcrumb","itemListElement":[{"@type":"ListItem","position":1,"name":"Portada","item":"https:\/\/www.idesco.es\/fr\/"},{"@type":"ListItem","position":2,"name":"Home"}]},{"@type":"WebSite","@id":"https:\/\/www.idesco.es\/#website","url":"https:\/\/www.idesco.es\/","name":"Idesco","description":"","potentialAction":[{"@type":"SearchAction","target":{"@type":"EntryPoint","urlTemplate":"https:\/\/www.idesco.es\/?s={search_term_string}"},"query-input":{"@type":"PropertyValueSpecification","valueRequired":true,"valueName":"search_term_string"}}],"inLanguage":"fr-FR"}]}},"_links":{"self":[{"href":"https:\/\/www.idesco.es\/fr\/wp-json\/wp\/v2\/pages\/788","targetHints":{"allow":["GET"]}}],"collection":[{"href":"https:\/\/www.idesco.es\/fr\/wp-json\/wp\/v2\/pages"}],"about":[{"href":"https:\/\/www.idesco.es\/fr\/wp-json\/wp\/v2\/types\/page"}],"author":[{"embeddable":true,"href":"https:\/\/www.idesco.es\/fr\/wp-json\/wp\/v2\/users\/1"}],"replies":[{"embeddable":true,"href":"https:\/\/www.idesco.es\/fr\/wp-json\/wp\/v2\/comments?post=788"}],"version-history":[{"count":3,"href":"https:\/\/www.idesco.es\/fr\/wp-json\/wp\/v2\/pages\/788\/revisions"}],"predecessor-version":[{"id":895,"href":"https:\/\/www.idesco.es\/fr\/wp-json\/wp\/v2\/pages\/788\/revisions\/895"}],"wp:attachment":[{"href":"https:\/\/www.idesco.es\/fr\/wp-json\/wp\/v2\/media?parent=788"}],"curies":[{"name":"wp","href":"https:\/\/api.w.org\/{rel}","templated":true}]}}