{"id":805,"date":"2023-08-03T11:29:26","date_gmt":"2023-08-03T11:29:26","guid":{"rendered":"https:\/\/www.idesco.es\/entreprise\/"},"modified":"2025-12-12T08:08:53","modified_gmt":"2025-12-12T08:08:53","slug":"entreprise","status":"publish","type":"page","link":"https:\/\/www.idesco.es\/fr\/entreprise\/","title":{"rendered":"Entreprise"},"content":{"rendered":"<p>[et_pb_section fb_built=\u00a0\u00bb1&Prime; fullwidth=\u00a0\u00bbon\u00a0\u00bb _builder_version=\u00a0\u00bb4.21.0&Prime; _module_preset=\u00a0\u00bbdefault\u00a0\u00bb global_colors_info=\u00a0\u00bb{}\u00a0\u00bb][et_pb_fullwidth_header title=\u00a0\u00bbEntreprise\u00a0\u00bb _builder_version=\u00a0\u00bb4.21.0&Prime; _module_preset=\u00a0\u00bbdefault\u00a0\u00bb global_colors_info=\u00a0\u00bb{}\u00a0\u00bb][\/et_pb_fullwidth_header][\/et_pb_section][et_pb_section fb_built=\u00a0\u00bb1&Prime; _builder_version=\u00a0\u00bb4.21.0&Prime; _module_preset=\u00a0\u00bbdefault\u00a0\u00bb global_colors_info=\u00a0\u00bb{}\u00a0\u00bb][et_pb_row column_structure=\u00a0\u00bb1_2,1_2&Prime; _builder_version=\u00a0\u00bb4.21.0&Prime; _module_preset=\u00a0\u00bbdefault\u00a0\u00bb global_colors_info=\u00a0\u00bb{}\u00a0\u00bb][et_pb_column type=\u00a0\u00bb1_2&Prime; _builder_version=\u00a0\u00bb4.21.0&Prime; _module_preset=\u00a0\u00bbdefault\u00a0\u00bb global_colors_info=\u00a0\u00bb{}\u00a0\u00bb][et_pb_text admin_label=\u00a0\u00bbIdesco es experiencia y confianza\u00a0\u00bb _builder_version=\u00a0\u00bb4.21.0&Prime; _module_preset=\u00a0\u00bbdefault\u00a0\u00bb global_colors_info=\u00a0\u00bb{}\u00a0\u00bb]<\/p>\n<h2>Idesco, c\u2019est l\u2019exp\u00e9rience et la confiance.<\/h2>\n<p>D\u00e9veloppement et fabrication de produits cosm\u00e9tiques pour les soins de la peau et des cheveux depuis 1975.<\/p>\n<p>Nous travaillons pour diff\u00e9rents secteurs : canal professionnel, dermo-cosm\u00e9tique, pharmaceutique et vente au d\u00e9tail.<\/p>\n<p>Nous fabriquons selon des normes de qualit\u00e9 strictes, conform\u00e9ment aux directives de la norme UNE-EN ISO 22716 (Produits cosm\u00e9tiques). Bonnes pratiques de fabrication (BPF). Guide des bonnes pratiques de fabrication. <\/p>\n<p>IDESCO fait partie de GINPER Group, un ensemble d\u2019entreprises d\u00e9di\u00e9es \u00e0 la recherche m\u00e9dicale, avec des filiales et une distribution dans plus de 107 pays \u00e0 travers le monde.<\/p>\n<p>[\/et_pb_text][\/et_pb_column][et_pb_column type=\u00a0\u00bb1_2&Prime; _builder_version=\u00a0\u00bb4.21.0&Prime; _module_preset=\u00a0\u00bbdefault\u00a0\u00bb global_colors_info=\u00a0\u00bb{}\u00a0\u00bb][et_pb_image src=\u00a0\u00bbhttps:\/\/www.idesco.es\/wp-content\/uploads\/2023\/07\/idesco-empresa.jpg\u00a0\u00bb title_text=\u00a0\u00bbidesco-empresa\u00a0\u00bb force_fullwidth=\u00a0\u00bbon\u00a0\u00bb _builder_version=\u00a0\u00bb4.21.0&Prime; _module_preset=\u00a0\u00bbdefault\u00a0\u00bb global_colors_info=\u00a0\u00bb{}\u00a0\u00bb][\/et_pb_image][\/et_pb_column][\/et_pb_row][et_pb_row _builder_version=\u00a0\u00bb4.21.0&Prime; _module_preset=\u00a0\u00bbdefault\u00a0\u00bb global_colors_info=\u00a0\u00bb{}\u00a0\u00bb][et_pb_column type=\u00a0\u00bb4_4&Prime; _builder_version=\u00a0\u00bb4.21.0&Prime; _module_preset=\u00a0\u00bbdefault\u00a0\u00bb global_colors_info=\u00a0\u00bb{}\u00a0\u00bb][et_pb_text admin_label=\u00a0\u00bbNuestras instalaciones est\u00e1n situadas en una sola planta en Barcelona\u00a0\u00bb _builder_version=\u00a0\u00bb4.21.0&Prime; _module_preset=\u00a0\u00bbdefault\u00a0\u00bb global_colors_info=\u00a0\u00bb{}\u00a0\u00bb]Nos installations sont situ\u00e9es dans une seule usine \u00e0 Barcelone, ce qui garantit un contr\u00f4le de qualit\u00e9 optimal et une tra\u00e7abilit\u00e9 tout au long du processus.[\/et_pb_text][\/et_pb_column][\/et_pb_row][\/et_pb_section][et_pb_section fb_built=\u00a0\u00bb1&Prime; admin_label=\u00a0\u00bbHistoria\u00a0\u00bb _builder_version=\u00a0\u00bb4.21.0&Prime; _module_preset=\u00a0\u00bbdefault\u00a0\u00bb background_color=\u00a0\u00bb#eeeeee\u00a0\u00bb global_colors_info=\u00a0\u00bb{}\u00a0\u00bb][et_pb_row _builder_version=\u00a0\u00bb4.21.0&Prime; _module_preset=\u00a0\u00bbdefault\u00a0\u00bb global_colors_info=\u00a0\u00bb{}\u00a0\u00bb][et_pb_column type=\u00a0\u00bb4_4&Prime; _builder_version=\u00a0\u00bb4.21.0&Prime; _module_preset=\u00a0\u00bbdefault\u00a0\u00bb global_colors_info=\u00a0\u00bb{}\u00a0\u00bb][et_pb_text admin_label=\u00a0\u00bbHistoria\u00a0\u00bb _builder_version=\u00a0\u00bb4.21.0&Prime; _module_preset=\u00a0\u00bbdefault\u00a0\u00bb global_colors_info=\u00a0\u00bb{}\u00a0\u00bb]<\/p>\n<h2 style=\"text-align: center;\">Histoire<\/h2>\n<p>[\/et_pb_text][\/et_pb_column][\/et_pb_row][et_pb_row module_class=\u00a0\u00bbhistoria\u00a0\u00bb _builder_version=\u00a0\u00bb4.21.0&Prime; _module_preset=\u00a0\u00bbdefault\u00a0\u00bb global_colors_info=\u00a0\u00bb{}\u00a0\u00bb][et_pb_column type=\u00a0\u00bb4_4&Prime; _builder_version=\u00a0\u00bb4.21.0&Prime; _module_preset=\u00a0\u00bbdefault\u00a0\u00bb global_colors_info=\u00a0\u00bb{}\u00a0\u00bb][et_pb_text admin_label=\u00a0\u00bbTime line\u00a0\u00bb _builder_version=\u00a0\u00bb4.21.0&Prime; _module_preset=\u00a0\u00bbdefault\u00a0\u00bb global_colors_info=\u00a0\u00bb{}\u00a0\u00bb]<\/p>\n<h2>1975<\/h2>\n<p>Fondation d\u2019IDESCO par le Dr Bach dans le cadre d\u2019un groupe d\u2019entreprises d\u00e9di\u00e9es \u00e0 la recherche cosm\u00e9tique et au diagnostic clinique.<\/p>\n<hr>\n<h2>1978<\/h2>\n<p>Production de la premi\u00e8re cr\u00e8me au collag\u00e8ne en Espagne par IDESCO. IDESCO se positionne comme pionni\u00e8re dans le d\u00e9veloppement des cosm\u00e9tiques en Espagne.<\/p>\n<hr>\n<h2>1992<\/h2>\n<p>Extension des installations avec un nouveau site de production de 2500 m2<\/p>\n<hr>\n<h2>1993<\/h2>\n<p>Naissance de la branche tiers d\u2019IDESCO dont le si\u00e8ge se trouve \u00e0 Barcelone.[\/et_pb_text][\/et_pb_column][\/et_pb_row][\/et_pb_section][et_pb_section fb_built=\u00a0\u00bb1&Prime; _builder_version=\u00a0\u00bb4.21.0&Prime; _module_preset=\u00a0\u00bbdefault\u00a0\u00bb global_colors_info=\u00a0\u00bb{}\u00a0\u00bb][et_pb_row column_structure=\u00a0\u00bb1_2,1_2&Prime; _builder_version=\u00a0\u00bb4.21.0&Prime; _module_preset=\u00a0\u00bbdefault\u00a0\u00bb global_colors_info=\u00a0\u00bb{}\u00a0\u00bb][et_pb_column type=\u00a0\u00bb1_2&Prime; _builder_version=\u00a0\u00bb4.21.0&Prime; _module_preset=\u00a0\u00bbdefault\u00a0\u00bb global_colors_info=\u00a0\u00bb{}\u00a0\u00bb][et_pb_image src=\u00a0\u00bbhttps:\/\/www.idesco.es\/wp-content\/uploads\/2024\/02\/porque-idesco.jpg\u00a0\u00bb title_text=\u00a0\u00bbporque-idesco\u00a0\u00bb force_fullwidth=\u00a0\u00bbon\u00a0\u00bb _builder_version=\u00a0\u00bb4.24.0&Prime; _module_preset=\u00a0\u00bbdefault\u00a0\u00bb global_colors_info=\u00a0\u00bb{}\u00a0\u00bb][\/et_pb_image][\/et_pb_column][et_pb_column type=\u00a0\u00bb1_2&Prime; _builder_version=\u00a0\u00bb4.21.0&Prime; _module_preset=\u00a0\u00bbdefault\u00a0\u00bb global_colors_info=\u00a0\u00bb{}\u00a0\u00bb][et_pb_text admin_label=\u00a0\u00bb\u00bfPor qu\u00e9 Idesco?\u00a0\u00bb _builder_version=\u00a0\u00bb4.21.0&Prime; _module_preset=\u00a0\u00bbdefault\u00a0\u00bb global_colors_info=\u00a0\u00bb{}\u00a0\u00bb]<\/p>\n<h3>Pourquoi Idesco?<\/h3>\n<h4>Des conseils tout au long du processus (360\u00b0)<\/h4>\n<ul>\n<li>Des solutions de haute qualit\u00e9<\/li>\n<li>Des processus agiles et dynamiques<\/li>\n<li>Des formules efficaces<\/li>\n<li>Des ingr\u00e9dients actifs innovants<\/li>\n<li>Des tests d\u2019efficacit\u00e9 et d\u2019innocuit\u00e9<\/li>\n<li>Une optimisation des co\u00fbts<\/li>\n<li>Un engagement maximal<\/li>\n<\/ul>\n<h3>Capacit\u00e9 de production<\/h3>\n<p>Nous offrons une grande flexibilit\u00e9 de production. Nous pouvons r\u00e9pondre aux besoins de production des petites entreprises comme des grandes soci\u00e9t\u00e9s.<br \/>\nEt notre gamme de prix comprend tous les segments de prix, des gammes \u00e9conomiques aux lignes de luxe.[\/et_pb_text][\/et_pb_column][\/et_pb_row][et_pb_row _builder_version=\u00a0\u00bb4.21.0&Prime; _module_preset=\u00a0\u00bbdefault\u00a0\u00bb global_colors_info=\u00a0\u00bb{}\u00a0\u00bb][et_pb_column type=\u00a0\u00bb4_4&Prime; _builder_version=\u00a0\u00bb4.21.0&Prime; _module_preset=\u00a0\u00bbdefault\u00a0\u00bb global_colors_info=\u00a0\u00bb{}\u00a0\u00bb][et_pb_text admin_label=\u00a0\u00bbValores\u00a0\u00bb _builder_version=\u00a0\u00bb4.25.1&Prime; _module_preset=\u00a0\u00bbdefault\u00a0\u00bb global_colors_info=\u00a0\u00bb{}\u00a0\u00bb]<\/p>\n<h3>Valeurs<\/h3>\n<p>Engagement envers les personnes et la plan\u00e8te.<\/p>\n<p>\u00c9galit\u00e9 : IDESCO est une entreprise 100 % engag\u00e9e en faveur de l\u2019\u00e9galit\u00e9. Ce principe r\u00e9git toutes les politiques mises en \u0153uvre par la soci\u00e9t\u00e9. <\/p>\n<p>Notre objectif est de r\u00e9duire au maximum l\u2019empreinte environnementale que nous g\u00e9n\u00e9rons tout au long de notre cha\u00eene de valeur. C\u2019est pourquoi nous mettons en \u0153uvre une politique qui regroupe une multitude d\u2019actions \u00e0 cette fin, telles que :<\/p>\n<ul>\n<li>L\u2019utilisation de cellophane 100 % recyclable.<\/li>\n<li>L\u2019optimisation de nos bo\u00eetes d\u2019emballage afin que les envois \u00e0 nos clients soient optimis\u00e9s \u00e0 100 %.<\/li>\n<li>La r\u00e9duction de la consommation d\u2019eau dans nos processus de production.<\/li>\n<li>L\u2019utilisation de packagings plus durables (mat\u00e9riaux recyclables, moins de plastique&#8230;).<\/li>\n<li>Nous nous engageons \u00e0 utiliser des mati\u00e8res premi\u00e8res durables extraites de la nature avec le plus faible impact possible.<\/li>\n<\/ul>\n<p>Nos installations utilisent 100 % d\u2019\u00e9nergie renouvelable.<\/p>\n<p>[\/et_pb_text][\/et_pb_column][\/et_pb_row][\/et_pb_section][et_pb_section fb_built=\u00a0\u00bb1&Prime; module_class=\u00a0\u00bbfranja\u00a0\u00bb _builder_version=\u00a0\u00bb4.24.0&Prime; _module_preset=\u00a0\u00bbdefault\u00a0\u00bb background_enable_color=\u00a0\u00bboff\u00a0\u00bb global_colors_info=\u00a0\u00bb{}\u00a0\u00bb][et_pb_row _builder_version=\u00a0\u00bb4.24.0&Prime; _module_preset=\u00a0\u00bbdefault\u00a0\u00bb custom_margin=\u00a0\u00bb0px||0px||false|false\u00a0\u00bb custom_padding=\u00a0\u00bb0px||0px||false|false\u00a0\u00bb global_colors_info=\u00a0\u00bb{}\u00a0\u00bb][et_pb_column type=\u00a0\u00bb4_4&Prime; _builder_version=\u00a0\u00bb4.21.0&Prime; _module_preset=\u00a0\u00bbdefault\u00a0\u00bb global_colors_info=\u00a0\u00bb{}\u00a0\u00bb][et_pb_text admin_label=\u00a0\u00bbIDESCO es + seguridad + agilidad + efectividad\u00a0\u00bb _builder_version=\u00a0\u00bb4.24.0&Prime; _module_preset=\u00a0\u00bbdefault\u00a0\u00bb text_text_color=\u00a0\u00bb#FFFFFF\u00a0\u00bb global_colors_info=\u00a0\u00bb{}\u00a0\u00bb]<\/p>\n<h2 style=\"text-align: center; color: #6e6e6d;\">IDESCO c\u2019est + s\u00e9curit\u00e9 + agilit\u00e9 + efficacit\u00e9<\/h2>\n<p>[\/et_pb_text][\/et_pb_column][\/et_pb_row][\/et_pb_section][et_pb_section fb_built=\u00a0\u00bb1&Prime; _builder_version=\u00a0\u00bb4.21.0&Prime; _module_preset=\u00a0\u00bbdefault\u00a0\u00bb global_colors_info=\u00a0\u00bb{}\u00a0\u00bb][et_pb_row _builder_version=\u00a0\u00bb4.21.0&Prime; _module_preset=\u00a0\u00bbdefault\u00a0\u00bb global_colors_info=\u00a0\u00bb{}\u00a0\u00bb][et_pb_column type=\u00a0\u00bb4_4&Prime; _builder_version=\u00a0\u00bb4.21.0&Prime; _module_preset=\u00a0\u00bbdefault\u00a0\u00bb global_colors_info=\u00a0\u00bb{}\u00a0\u00bb][et_pb_text admin_label=\u00a0\u00bbQuienes somos\u00a0\u00bb _builder_version=\u00a0\u00bb4.21.0&Prime; _module_preset=\u00a0\u00bbdefault\u00a0\u00bb global_colors_info=\u00a0\u00bb{}\u00a0\u00bb]<\/p>\n<h2 style=\"text-align: center;\">Qui sommes-nous?<\/h2>\n<h3 style=\"text-align: center;\">La face visible de l\u2019entreprise<\/h3>\n<p>[\/et_pb_text][\/et_pb_column][\/et_pb_row][et_pb_row _builder_version=\u00a0\u00bb4.21.0&Prime; _module_preset=\u00a0\u00bbdefault\u00a0\u00bb global_colors_info=\u00a0\u00bb{}\u00a0\u00bb][et_pb_column type=\u00a0\u00bb4_4&Prime; _builder_version=\u00a0\u00bb4.21.0&Prime; _module_preset=\u00a0\u00bbdefault\u00a0\u00bb global_colors_info=\u00a0\u00bb{}\u00a0\u00bb][wdcl_image_carousel _builder_version=\u00a0\u00bb4.24.0&Prime; _module_preset=\u00a0\u00bbdefault\u00a0\u00bb global_colors_info=\u00a0\u00bb{}\u00a0\u00bb][wdcl_image_carousel_child photo=\u00a0\u00bbhttps:\/\/www.idesco.es\/wp-content\/uploads\/2024\/02\/team-1.jpg\u00a0\u00bb title=\u00a0\u00bbSusanna Corbeto\u00a0\u00bb sub_title=\u00a0\u00bbOEM Sales Manager\u00a0\u00bb _builder_version=\u00a0\u00bb4.24.0&Prime; _module_preset=\u00a0\u00bbdefault\u00a0\u00bb global_colors_info=\u00a0\u00bb{}\u00a0\u00bb][\/wdcl_image_carousel_child][wdcl_image_carousel_child photo=\u00a0\u00bbhttps:\/\/www.idesco.es\/wp-content\/uploads\/2025\/12\/ingrid.jpg\u00a0\u00bb title=\u00a0\u00bbIngrid Fawcett\u00a0\u00bb sub_title=\u00a0\u00bbOEM Project Area Manager\u00a0\u00bb _builder_version=\u00a0\u00bb4.27.4&Prime; _module_preset=\u00a0\u00bbdefault\u00a0\u00bb global_colors_info=\u00a0\u00bb{}\u00a0\u00bb][\/wdcl_image_carousel_child][wdcl_image_carousel_child photo=\u00a0\u00bbhttps:\/\/www.idesco.es\/wp-content\/uploads\/2024\/02\/team-3.jpg\u00a0\u00bb title=\u00a0\u00bbElisabet Falgueras\u00a0\u00bb sub_title=\u00a0\u00bbProject Department\u00a0\u00bb _builder_version=\u00a0\u00bb4.24.0&Prime; _module_preset=\u00a0\u00bbdefault\u00a0\u00bb global_colors_info=\u00a0\u00bb{}\u00a0\u00bb][\/wdcl_image_carousel_child][\/wdcl_image_carousel][\/et_pb_column][\/et_pb_row][\/et_pb_section]<\/p>\n","protected":false},"excerpt":{"rendered":"<p>Idesco, c\u2019est l\u2019exp\u00e9rience et la confiance. D\u00e9veloppement et fabrication de produits cosm\u00e9tiques pour les soins de la peau et des cheveux depuis 1975. Nous travaillons pour diff\u00e9rents secteurs : canal professionnel, dermo-cosm\u00e9tique, pharmaceutique et vente au d\u00e9tail. Nous fabriquons selon des normes de qualit\u00e9 strictes, conform\u00e9ment aux directives de la norme UNE-EN ISO 22716 (Produits [&hellip;]<\/p>\n","protected":false},"author":1,"featured_media":0,"parent":0,"menu_order":0,"comment_status":"closed","ping_status":"open","template":"","meta":{"_et_pb_use_builder":"on","_et_pb_old_content":"","_et_gb_content_width":"","footnotes":""},"class_list":["post-805","page","type-page","status-publish","hentry"],"yoast_head":"<!-- This site is optimized with the Yoast SEO plugin v27.1.1 - https:\/\/yoast.com\/product\/yoast-seo-wordpress\/ -->\n<title>Entreprise - Idesco<\/title>\n<meta name=\"robots\" content=\"index, follow, max-snippet:-1, max-image-preview:large, max-video-preview:-1\" \/>\n<link rel=\"canonical\" href=\"https:\/\/www.idesco.es\/empresa\/\" \/>\n<meta property=\"og:locale\" content=\"fr_FR\" \/>\n<meta property=\"og:type\" content=\"article\" \/>\n<meta property=\"og:title\" content=\"Entreprise - Idesco\" \/>\n<meta property=\"og:description\" content=\"Idesco, c\u2019est l\u2019exp\u00e9rience et la confiance. D\u00e9veloppement et fabrication de produits cosm\u00e9tiques pour les soins de la peau et des cheveux depuis 1975. Nous travaillons pour diff\u00e9rents secteurs : canal professionnel, dermo-cosm\u00e9tique, pharmaceutique et vente au d\u00e9tail. Nous fabriquons selon des normes de qualit\u00e9 strictes, conform\u00e9ment aux directives de la norme UNE-EN ISO 22716 (Produits [&hellip;]\" \/>\n<meta property=\"og:url\" content=\"https:\/\/www.idesco.es\/empresa\/\" \/>\n<meta property=\"og:site_name\" content=\"Idesco\" \/>\n<meta property=\"article:modified_time\" content=\"2025-12-12T08:08:53+00:00\" \/>\n<meta name=\"twitter:card\" content=\"summary_large_image\" \/>\n<meta name=\"twitter:label1\" content=\"Dur\u00e9e de lecture estim\u00e9e\" \/>\n\t<meta name=\"twitter:data1\" content=\"3 minutes\" \/>\n<script type=\"application\/ld+json\" class=\"yoast-schema-graph\">{\"@context\":\"https:\/\/schema.org\",\"@graph\":[{\"@type\":\"WebPage\",\"@id\":\"https:\/\/www.idesco.es\/empresa\/\",\"url\":\"https:\/\/www.idesco.es\/empresa\/\",\"name\":\"Entreprise - Idesco\",\"isPartOf\":{\"@id\":\"https:\/\/www.idesco.es\/#website\"},\"datePublished\":\"2023-08-03T11:29:26+00:00\",\"dateModified\":\"2025-12-12T08:08:53+00:00\",\"breadcrumb\":{\"@id\":\"https:\/\/www.idesco.es\/empresa\/#breadcrumb\"},\"inLanguage\":\"fr-FR\",\"potentialAction\":[{\"@type\":\"ReadAction\",\"target\":[\"https:\/\/www.idesco.es\/empresa\/\"]}]},{\"@type\":\"BreadcrumbList\",\"@id\":\"https:\/\/www.idesco.es\/empresa\/#breadcrumb\",\"itemListElement\":[{\"@type\":\"ListItem\",\"position\":1,\"name\":\"Portada\",\"item\":\"https:\/\/www.idesco.es\/fr\/\"},{\"@type\":\"ListItem\",\"position\":2,\"name\":\"Entreprise\"}]},{\"@type\":\"WebSite\",\"@id\":\"https:\/\/www.idesco.es\/#website\",\"url\":\"https:\/\/www.idesco.es\/\",\"name\":\"Idesco\",\"description\":\"\",\"potentialAction\":[{\"@type\":\"SearchAction\",\"target\":{\"@type\":\"EntryPoint\",\"urlTemplate\":\"https:\/\/www.idesco.es\/?s={search_term_string}\"},\"query-input\":{\"@type\":\"PropertyValueSpecification\",\"valueRequired\":true,\"valueName\":\"search_term_string\"}}],\"inLanguage\":\"fr-FR\"}]}<\/script>\n<!-- \/ Yoast SEO plugin. -->","yoast_head_json":{"title":"Entreprise - Idesco","robots":{"index":"index","follow":"follow","max-snippet":"max-snippet:-1","max-image-preview":"max-image-preview:large","max-video-preview":"max-video-preview:-1"},"canonical":"https:\/\/www.idesco.es\/empresa\/","og_locale":"fr_FR","og_type":"article","og_title":"Entreprise - Idesco","og_description":"Idesco, c\u2019est l\u2019exp\u00e9rience et la confiance. D\u00e9veloppement et fabrication de produits cosm\u00e9tiques pour les soins de la peau et des cheveux depuis 1975. Nous travaillons pour diff\u00e9rents secteurs : canal professionnel, dermo-cosm\u00e9tique, pharmaceutique et vente au d\u00e9tail. Nous fabriquons selon des normes de qualit\u00e9 strictes, conform\u00e9ment aux directives de la norme UNE-EN ISO 22716 (Produits [&hellip;]","og_url":"https:\/\/www.idesco.es\/empresa\/","og_site_name":"Idesco","article_modified_time":"2025-12-12T08:08:53+00:00","twitter_card":"summary_large_image","twitter_misc":{"Dur\u00e9e de lecture estim\u00e9e":"3 minutes"},"schema":{"@context":"https:\/\/schema.org","@graph":[{"@type":"WebPage","@id":"https:\/\/www.idesco.es\/empresa\/","url":"https:\/\/www.idesco.es\/empresa\/","name":"Entreprise - Idesco","isPartOf":{"@id":"https:\/\/www.idesco.es\/#website"},"datePublished":"2023-08-03T11:29:26+00:00","dateModified":"2025-12-12T08:08:53+00:00","breadcrumb":{"@id":"https:\/\/www.idesco.es\/empresa\/#breadcrumb"},"inLanguage":"fr-FR","potentialAction":[{"@type":"ReadAction","target":["https:\/\/www.idesco.es\/empresa\/"]}]},{"@type":"BreadcrumbList","@id":"https:\/\/www.idesco.es\/empresa\/#breadcrumb","itemListElement":[{"@type":"ListItem","position":1,"name":"Portada","item":"https:\/\/www.idesco.es\/fr\/"},{"@type":"ListItem","position":2,"name":"Entreprise"}]},{"@type":"WebSite","@id":"https:\/\/www.idesco.es\/#website","url":"https:\/\/www.idesco.es\/","name":"Idesco","description":"","potentialAction":[{"@type":"SearchAction","target":{"@type":"EntryPoint","urlTemplate":"https:\/\/www.idesco.es\/?s={search_term_string}"},"query-input":{"@type":"PropertyValueSpecification","valueRequired":true,"valueName":"search_term_string"}}],"inLanguage":"fr-FR"}]}},"_links":{"self":[{"href":"https:\/\/www.idesco.es\/fr\/wp-json\/wp\/v2\/pages\/805","targetHints":{"allow":["GET"]}}],"collection":[{"href":"https:\/\/www.idesco.es\/fr\/wp-json\/wp\/v2\/pages"}],"about":[{"href":"https:\/\/www.idesco.es\/fr\/wp-json\/wp\/v2\/types\/page"}],"author":[{"embeddable":true,"href":"https:\/\/www.idesco.es\/fr\/wp-json\/wp\/v2\/users\/1"}],"replies":[{"embeddable":true,"href":"https:\/\/www.idesco.es\/fr\/wp-json\/wp\/v2\/comments?post=805"}],"version-history":[{"count":8,"href":"https:\/\/www.idesco.es\/fr\/wp-json\/wp\/v2\/pages\/805\/revisions"}],"predecessor-version":[{"id":1200,"href":"https:\/\/www.idesco.es\/fr\/wp-json\/wp\/v2\/pages\/805\/revisions\/1200"}],"wp:attachment":[{"href":"https:\/\/www.idesco.es\/fr\/wp-json\/wp\/v2\/media?parent=805"}],"curies":[{"name":"wp","href":"https:\/\/api.w.org\/{rel}","templated":true}]}}